{"id":360,"date":"2016-05-13T09:57:05","date_gmt":"2016-05-13T08:57:05","guid":{"rendered":"http:\/\/www.coherens.com\/?page_id=360"},"modified":"2020-04-15T17:00:22","modified_gmt":"2020-04-15T16:00:22","slug":"check-up-coherens-de-la-sante-organisationnelle","status":"publish","type":"page","link":"https:\/\/www.coherens.com\/index.php\/check-up-coherens-de-la-sante-organisationnelle\/","title":{"rendered":"Mesurer la sant\u00e9 organisationnelle"},"content":{"rendered":"\n<h4 class=\"wp-block-heading\">\u00a9Check-Up COHeRenS de la sant\u00e9 organisationnelle<\/h4>\n\n\n\n<p class=\"has-normal-font-size\">Au-del\u00e0 des diff\u00e9rents mod\u00e8les de sant\u00e9 organisationnelle (vous trouverez de belles \u00e9tudes sur ce sujet aupr\u00e8s de nos amis qu\u00e9b\u00e9cois) je retiens pour ma part que la sant\u00e9 organisationnelle est celle qui va permettre la rencontre des aspirations de vos collaborateurs avec celles de votre \u00ab\u00a0business\u00a0\u00bb, quelle qu&rsquo;en soit la nature. Et qu&rsquo;il n&rsquo;y a pas un mod\u00e8le prescrit et unique, mais que comme toujours dans notre domaine, c&rsquo;est d&rsquo;une alchimie complexe dont nous devons tenir compte. Votre mod\u00e8le est unique.<\/p>\n\n\n\n<p class=\"has-normal-font-size\">Mais comment mesurer la&nbsp;sant\u00e9 de votre organisation ? Est-ce possible ? Quels sont les indicateurs \u00e0 prendre en compte ? Et ne serait-il pas plus prudent de ne rien mesurer, pour \u00eatre tranquille ?<\/p>\n\n\n\n<p class=\"has-normal-font-size\">Je vous propose un \u00ab\u00a0check-up\u00a0\u00bb en dix points, <a href=\"http:\/\/www.coherens.com\/index.php\/barrett-values-centre\/outils-questionnaires-barrett-values-centre\/\">construit \u00e0 partir du mod\u00e8le Cultural Transformation Tools du Barrett Values Centre.<\/a><\/p>\n\n\n\n<p class=\"has-normal-font-size\">Au d\u00e9part, l&rsquo;enqu\u00eate Cultural Values Assessment, une simple enqu\u00eate en ligne (dans de nombreuses langues), dans laquelle vos collaborateurs, vont choisir parmi environ 90 termes (d\u00e9sign\u00e9es comme \u00e9tant des \u00ab\u00a0valeurs\u00a0\u00bb, c&rsquo;est \u00e0 dire les \u00ab\u00a0pourquoi et comment nous agissons\u00a0\u00bb),<\/p>\n\n\n\n<div class=\"wp-block-group\"><div class=\"wp-block-group__inner-container is-layout-flow wp-block-group-is-layout-flow\">\n<ul class=\"wp-block-list\"><li>ce qui correspond le mieux \u00e0 ce qui est important pour eux personnellement,<\/li><li>ce qu&rsquo;ils voient en oeuvre dans l&rsquo;entreprise aujourd&rsquo;hui<\/li><li>ce qu&rsquo;ils pensent essentiel pour son avenir.<\/li><\/ul>\n<\/div><\/div>\n\n\n\n<p class=\"has-normal-font-size\">Simple, sans question \u00ab\u00a0orient\u00e9e\u00a0\u00bb comme on en trouve parfois, sans prescription de ce qui est bien ou mal, sans inviter chacun \u00e0 se&nbsp;poser la question \u00ab\u00a0et l\u00e0, vous \u00eates s\u00fbr que vous n&rsquo;avez pas mal ?\u00a0\u00bb<\/p>\n\n\n\n<p class=\"has-normal-font-size\">A l&rsquo;arriv\u00e9e, un check-up complet en dix points, sous forme d&rsquo;un tableau de bord assorti d&rsquo;un rapport sur les points forts qui donnent de l&rsquo;\u00e9nergie \u00e0 votre organisation et les leviers de progr\u00e8s pour am\u00e9liorer tant la performance personnelle, qu&rsquo;organisationnelle.<\/p>\n\n\n\n<div class=\"wp-block-image\"><figure class=\"aligncenter\"><img loading=\"lazy\" decoding=\"async\" width=\"831\" height=\"320\" src=\"http:\/\/www.coherens.com\/wp-content\/uploads\/2016\/05\/Check-Up-COHeRenS.gif\" alt=\"Check-Up COHeRenS\" class=\"wp-image-356\"\/><\/figure><\/div>\n\n\n\n<ul class=\"wp-block-list\"><li style=\"text-align: justify;\"><strong>Entropie<\/strong> : mesure le degr\u00e9 de dysfonctionnement per\u00e7u et le niveau d&rsquo;\u00e9nergie gaspill\u00e9e (les principales causes sont identifi\u00e9es)<\/li><li style=\"text-align: justify;\"><strong>C-T-S&nbsp;coh\u00e9rent<\/strong> : mesure de ce qui est important en trois grandes cat\u00e9gories (Bien Commun &#8211; Transformation &#8211; Centr\u00e9 sur Soi), et si l&rsquo;on ne demande pas aux salari\u00e9s de faire le grand \u00e9cart entre ce qui est important pour eux, ce qu&rsquo;ils vivent et ce qui leur semble important pour l&rsquo;avenir.<\/li><li style=\"text-align: justify;\"><strong>10 Valeurs + et 7 niveaux<\/strong> : mesure le nombre de valeurs-cl\u00e9s positives dans la Culture Actuelle &nbsp;et leur r\u00e9partition dans les diff\u00e9rents niveaux du mod\u00e8le CTT.<\/li><li style=\"text-align: justify;\"><strong>Valeurs Personnelles-Culture Actuelle<\/strong> &nbsp;: mesure le degr\u00e9 de correspondance entre ce qui est important pour les salari\u00e9s et ce qu&rsquo;ils vivent au quotidien, le lien \u00e9motionnel qui se cr\u00e9e entre eux et l&rsquo;entreprise<\/li><li style=\"text-align: justify;\"><strong>Culture Actuelle-Culture D\u00e9sir\u00e9e<\/strong> : mesure de degr\u00e9 de correspondance entre ce qui est v\u00e9cu aujourd\u2019hui et ce qui semble important pour l&rsquo;avenir, la confiance dans la direction adopt\u00e9e<\/li><li style=\"text-align: justify;\"><strong>Valeurs Personnelles &#8211; Culture Actuelle &#8211; Culture D\u00e9sir\u00e9e<\/strong> : mesure le degr\u00e9 d\u2019alignement g\u00e9n\u00e9ral entre ce qui est important pour les salari\u00e9s, ce qu&rsquo;ils vivent et ce qui leur semble important pour l&rsquo;avenir<\/li><li style=\"text-align: justify;\"><strong>Gaps Culture Actuelle \u21d2 Culture D\u00e9sir\u00e9e<\/strong> : mesure le nombre de gaps et leur importance, pour passer de ce qui est v\u00e9cu aujourd\u2019hui \u00e0 ce qui est voulu pour l&rsquo;avenir<\/li><li style=\"text-align: justify;\"><strong>Business Needs Scorecard &nbsp;\u00e9quilibr\u00e9<\/strong>: mesure la mani\u00e8re dont les diff\u00e9rents enjeux du business sont pris en compte, car une culture de travail saine n&rsquo;est pas \u00e0 elle seule synonyme de succ\u00e8s business.<br>Cette mesure est directement inspir\u00e9e du Balanced Scorecard qui permet de mettre en synergie les diff\u00e9rents objectifs qui assurent concr\u00e8tement le succ\u00e8s de l&rsquo;entreprise. L&rsquo;implantation du pilotage selon ce mod\u00e8le g\u00e9n\u00e9re plus de&nbsp;r\u00e9ussite.<\/li><li style=\"text-align: justify;\"><strong>Valeurs&nbsp;officielles<\/strong> : mesure le degr\u00e9 d&rsquo;incarnation de vos valeurs corporate si vous en avez d\u00e9fini.<\/li><li style=\"text-align: justify;\"><strong>Leadership<\/strong> : mesure la mani\u00e8re dont le leadership est exerc\u00e9 et sa convergence avec la culture de travail de votre organisation.<br><em>Cette mesure (en option) est faite sous forme&nbsp;de 360\u00b0 de vos leaders selon le m\u00eame mod\u00e8le que celui de l&rsquo;enqu\u00eate. Il peut \u00eatre compl\u00e9t\u00e9 par des outils puissants de compr\u00e9hension de la personnalit\u00e9 de vos leaders (Talent Q- Hogan)<\/em><\/li><\/ul>\n\n\n\n<p class=\"has-normal-font-size\">Un rapport de synth\u00e8se compl\u00e8te les principaux indicateurs et propose un diagnostic qualitatif , les points forts de votre organisation sur lesquels capitaliser et les leviers de progr\u00e8s.<\/p>\n\n\n\n<p class=\"has-normal-font-size\">L&rsquo;exp\u00e9rience montre que des progr\u00e8s significatifs peuvent \u00eatre faits rapidement, et comme le dit ce proverbe tib\u00e9tain<\/p>\n\n\n\n<h4 class=\"has-text-align-center wp-block-heading\"><em>\u00ab\u00a0la sant\u00e9 de l&rsquo;int\u00e9rieur se voit \u00e0 l&rsquo;ext\u00e9rieur\u00a0\u00bb<\/em><\/h4>\n\n\n\n<p><a href=\"http:\/\/www.coherens.com\/index.php\/barrett-values-centre\/outils-questionnaires-barrett-values-centre\/\">Pour mieux comprendre le mod\u00e8le \u00a9CTT.<\/a><\/p>\n\n\n\n<p>Si vous voulez faire vous-m\u00eame\u00a0un pr\u00e9-diagnostic de la sant\u00e9 de votre organisation, je peux vous proposer de r\u00e9pondre \u00e0 l&rsquo;enqu\u00eate en ligne et un d\u00e9brief simple. <\/p>\n\n\n\n<p>Contactez moi : <a href=\"mailto:brigitte.dubreucq@coherens.com\">brigitte.dubreucq@coherens.com<\/a><\/p>\n","protected":false},"excerpt":{"rendered":"<p>\u00a9Check-Up COHeRenS de la sant\u00e9 organisationnelle Au-del\u00e0 des diff\u00e9rents mod\u00e8les de sant\u00e9 organisationnelle (vous trouverez de belles \u00e9tudes sur ce sujet aupr\u00e8s de nos amis qu\u00e9b\u00e9cois) je retiens pour ma part que la sant\u00e9 organisationnelle est celle qui va permettre la rencontre des aspirations de vos collaborateurs avec celles de votre \u00ab\u00a0business\u00a0\u00bb, quelle qu&rsquo;en soit &hellip; <\/p>\n<p><a class=\"more-link btn\" href=\"https:\/\/www.coherens.com\/index.php\/check-up-coherens-de-la-sante-organisationnelle\/\">Lire la suite<\/a><\/p>\n","protected":false},"author":1,"featured_media":0,"parent":0,"menu_order":0,"comment_status":"closed","ping_status":"closed","template":"","meta":{"footnotes":""},"class_list":["post-360","page","type-page","status-publish","hentry","nodate","item-wrap"],"yoast_head":"<!-- This site is optimized with the Yoast SEO plugin v14.9 - https:\/\/yoast.com\/wordpress\/plugins\/seo\/ -->\n<title>Mesurer la sant\u00e9 organisationnelle - COHeRenS<\/title>\n<meta name=\"robots\" content=\"index, follow, max-snippet:-1, max-image-preview:large, max-video-preview:-1\" \/>\n<link rel=\"canonical\" href=\"http:\/\/www.coherens.com\/index.php\/check-up-coherens-de-la-sante-organisationnelle\/\" \/>\n<meta property=\"og:locale\" content=\"fr_FR\" \/>\n<meta property=\"og:type\" content=\"article\" \/>\n<meta property=\"og:title\" content=\"Mesurer la sant\u00e9 organisationnelle - COHeRenS\" \/>\n<meta property=\"og:description\" content=\"\u00a9Check-Up COHeRenS de la sant\u00e9 organisationnelle Au-del\u00e0 des diff\u00e9rents mod\u00e8les de sant\u00e9 organisationnelle (vous trouverez de belles \u00e9tudes sur ce sujet aupr\u00e8s de nos amis qu\u00e9b\u00e9cois) je retiens pour ma part que la sant\u00e9 organisationnelle est celle qui va permettre la rencontre des aspirations de vos collaborateurs avec celles de votre \u00ab\u00a0business\u00a0\u00bb, quelle qu&rsquo;en soit &hellip; Lire la suite\" \/>\n<meta property=\"og:url\" content=\"http:\/\/www.coherens.com\/index.php\/check-up-coherens-de-la-sante-organisationnelle\/\" \/>\n<meta property=\"og:site_name\" content=\"COHeRenS\" \/>\n<meta property=\"article:modified_time\" content=\"2020-04-15T16:00:22+00:00\" \/>\n<meta property=\"og:image\" content=\"http:\/\/www.coherens.com\/wp-content\/uploads\/2016\/05\/Check-Up-COHeRenS.gif\" \/>\n<meta name=\"twitter:card\" content=\"summary\" \/>\n<meta name=\"twitter:creator\" content=\"@bdubreucq\" \/>\n<meta name=\"twitter:site\" content=\"@bdubreucq\" \/>\n<script type=\"application\/ld+json\" class=\"yoast-schema-graph\">{\"@context\":\"https:\/\/schema.org\",\"@graph\":[{\"@type\":\"WebSite\",\"@id\":\"https:\/\/www.coherens.com\/#website\",\"url\":\"https:\/\/www.coherens.com\/\",\"name\":\"COHeRenS\",\"description\":\"LE POTENTIEL HUMAIN AU COEUR DE VOTRE PERFORMANCE\",\"potentialAction\":[{\"@type\":\"SearchAction\",\"target\":\"https:\/\/www.coherens.com\/?s={search_term_string}\",\"query-input\":\"required name=search_term_string\"}],\"inLanguage\":\"fr-FR\"},{\"@type\":\"ImageObject\",\"@id\":\"http:\/\/www.coherens.com\/index.php\/check-up-coherens-de-la-sante-organisationnelle\/#primaryimage\",\"inLanguage\":\"fr-FR\",\"url\":\"http:\/\/www.coherens.com\/wp-content\/uploads\/2016\/05\/Check-Up-COHeRenS.gif\"},{\"@type\":\"WebPage\",\"@id\":\"http:\/\/www.coherens.com\/index.php\/check-up-coherens-de-la-sante-organisationnelle\/#webpage\",\"url\":\"http:\/\/www.coherens.com\/index.php\/check-up-coherens-de-la-sante-organisationnelle\/\",\"name\":\"Mesurer la sant\\u00e9 organisationnelle - COHeRenS\",\"isPartOf\":{\"@id\":\"https:\/\/www.coherens.com\/#website\"},\"primaryImageOfPage\":{\"@id\":\"http:\/\/www.coherens.com\/index.php\/check-up-coherens-de-la-sante-organisationnelle\/#primaryimage\"},\"datePublished\":\"2016-05-13T08:57:05+00:00\",\"dateModified\":\"2020-04-15T16:00:22+00:00\",\"inLanguage\":\"fr-FR\",\"potentialAction\":[{\"@type\":\"ReadAction\",\"target\":[\"http:\/\/www.coherens.com\/index.php\/check-up-coherens-de-la-sante-organisationnelle\/\"]}]}]}<\/script>\n<!-- \/ Yoast SEO plugin. -->","_links":{"self":[{"href":"https:\/\/www.coherens.com\/index.php\/wp-json\/wp\/v2\/pages\/360"}],"collection":[{"href":"https:\/\/www.coherens.com\/index.php\/wp-json\/wp\/v2\/pages"}],"about":[{"href":"https:\/\/www.coherens.com\/index.php\/wp-json\/wp\/v2\/types\/page"}],"author":[{"embeddable":true,"href":"https:\/\/www.coherens.com\/index.php\/wp-json\/wp\/v2\/users\/1"}],"replies":[{"embeddable":true,"href":"https:\/\/www.coherens.com\/index.php\/wp-json\/wp\/v2\/comments?post=360"}],"version-history":[{"count":11,"href":"https:\/\/www.coherens.com\/index.php\/wp-json\/wp\/v2\/pages\/360\/revisions"}],"predecessor-version":[{"id":928,"href":"https:\/\/www.coherens.com\/index.php\/wp-json\/wp\/v2\/pages\/360\/revisions\/928"}],"wp:attachment":[{"href":"https:\/\/www.coherens.com\/index.php\/wp-json\/wp\/v2\/media?parent=360"}],"curies":[{"name":"wp","href":"https:\/\/api.w.org\/{rel}","templated":true}]}}